{"version":"1.0","provider_name":"Gilles Marchand","provider_url":"http:\/\/www.gillesmarchand.ch\/de\/","author_name":"Gilles Marchand","author_url":"http:\/\/www.gillesmarchand.ch\/de\/author\/gillesmarchand\/","title":"Medien: Bauchweh in der Medienk\u00fcche - Gilles Marchand","type":"rich","width":600,"height":338,"html":"<blockquote class=\"wp-embedded-content\" data-secret=\"YgkB0EIZG3\"><a href=\"http:\/\/www.gillesmarchand.ch\/de\/medien-bauchweh-in-der-medienkueche\/\">Medien: Bauchweh in der Medienk\u00fcche<\/a><\/blockquote><iframe sandbox=\"allow-scripts\" security=\"restricted\" src=\"http:\/\/www.gillesmarchand.ch\/de\/medien-bauchweh-in-der-medienkueche\/embed\/#?secret=YgkB0EIZG3\" width=\"600\" height=\"338\" title=\"&#8222;Medien: Bauchweh in der Medienk\u00fcche&#8220; &#8211; Gilles Marchand\" data-secret=\"YgkB0EIZG3\" frameborder=\"0\" marginwidth=\"0\" marginheight=\"0\" scrolling=\"no\" class=\"wp-embedded-content\"><\/iframe><script type=\"text\/javascript\">\n\/* <![CDATA[ *\/\n\/*! This file is auto-generated *\/\n!function(d,l){\"use strict\";l.querySelector&&d.addEventListener&&\"undefined\"!=typeof URL&&(d.wp=d.wp||{},d.wp.receiveEmbedMessage||(d.wp.receiveEmbedMessage=function(e){var t=e.data;if((t||t.secret||t.message||t.value)&&!\/[^a-zA-Z0-9]\/.test(t.secret)){for(var s,r,n,a=l.querySelectorAll('iframe[data-secret=\"'+t.secret+'\"]'),o=l.querySelectorAll('blockquote[data-secret=\"'+t.secret+'\"]'),c=new RegExp(\"^https?:$\",\"i\"),i=0;i<o.length;i++)o[i].style.display=\"none\";for(i=0;i<a.length;i++)s=a[i],e.source===s.contentWindow&&(s.removeAttribute(\"style\"),\"height\"===t.message?(1e3<(r=parseInt(t.value,10))?r=1e3:~~r<200&&(r=200),s.height=r):\"link\"===t.message&&(r=new URL(s.getAttribute(\"src\")),n=new URL(t.value),c.test(n.protocol))&&n.host===r.host&&l.activeElement===s&&(d.top.location.href=t.value))}},d.addEventListener(\"message\",d.wp.receiveEmbedMessage,!1),l.addEventListener(\"DOMContentLoaded\",function(){for(var e,t,s=l.querySelectorAll(\"iframe.wp-embedded-content\"),r=0;r<s.length;r++)(t=(e=s[r]).getAttribute(\"data-secret\"))||(t=Math.random().toString(36).substring(2,12),e.src+=\"#?secret=\"+t,e.setAttribute(\"data-secret\",t)),e.contentWindow.postMessage({message:\"ready\",secret:t},\"*\")},!1)))}(window,document);\n\/\/# sourceURL=http:\/\/www.gillesmarchand.ch\/wp-includes\/js\/wp-embed.min.js\n\/* ]]> *\/\n<\/script>\n","description":"Diese Chronik ist im Edito Magazin im Rahmen eines Dossier \u00fcber das Vertrauen der Medien erschienen. Kann man den Medien vertrauen? Auch in unserer unsicheren Welt steht eines fest: Vertrauen l\u00e4sst sich nicht verordnen. Da hilft kein tugendhaftes M\u00e4ntelchen, da hilft auch kein beschw\u00f6rendes \u00abHand aufs Herz\u00bb. Vertrauen ist wie ein komplexes Men\u00fc, das langsam [&hellip;]"}